{"id":1171,"date":"2023-06-21T20:25:28","date_gmt":"2023-06-21T20:25:28","guid":{"rendered":"https:\/\/halle-selk.de\/?page_id=1171"},"modified":"2023-06-22T20:17:52","modified_gmt":"2023-06-22T20:17:52","slug":"das-abendmahl","status":"publish","type":"page","link":"https:\/\/halle-selk.de\/?page_id=1171","title":{"rendered":"Das Abendmahl"},"content":{"rendered":"\n<div class=\"is-layout-flex wp-container-3 wp-block-columns\">\n<div class=\"is-layout-flow wp-block-column\" style=\"flex-basis:33.33%\"><div class=\"wp-block-image\">\n<figure class=\"aligncenter size-large\"><img decoding=\"async\" loading=\"lazy\" width=\"683\" height=\"1024\" src=\"https:\/\/halle-selk.de\/wp-content\/uploads\/2023\/06\/TitelAbendmahl-683x1024.jpg\" alt=\"\" class=\"wp-image-1178\" srcset=\"https:\/\/halle-selk.de\/wp-content\/uploads\/2023\/06\/TitelAbendmahl-683x1024.jpg 683w, https:\/\/halle-selk.de\/wp-content\/uploads\/2023\/06\/TitelAbendmahl-200x300.jpg 200w, https:\/\/halle-selk.de\/wp-content\/uploads\/2023\/06\/TitelAbendmahl.jpg 760w\" sizes=\"(max-width: 683px) 100vw, 683px\" \/><figcaption class=\"wp-element-caption\">Altar der Magdalenenkapelle, <br>vorbereitet zum Heiligen Abendmahl<\/figcaption><\/figure><\/div><\/div>\n\n\n\n<div class=\"is-layout-flow wp-block-column\" style=\"flex-basis:66.66%\">\n<p class=\"has-accent-color has-base-background-color has-text-color has-background has-medium-font-size\">Unser Herr Jesus Christus in der Nacht, da er verraten ward, nahm er das Brot, dankte und brach\u2019s und gab\u2019s seinen J\u00fcngern und sprach: \u201eNehmet hin und esset: <br><strong>Das ist + mein Leib<\/strong>, der <em>f\u00fcr euch gegeben<\/em> wird. Solches tut zu meinem Ged\u00e4chtnis.\u201c <br><br>Desgleichen nahm er auch den Kelch nach dem Abendmahl, dankte und gab ihnen den und sprach: <br>\u201eNehmet hin und trinket alle daraus: <strong>Dieser Kelch ist das neue Testament in + meinem Blut<\/strong>, das f<em>\u00fcr euch vergossen<\/em> wird zur Vergebung der S\u00fcnden. <br>Solches tut, sooft ihr\u2032s trinket, zu meinem Ged\u00e4chtnis.\u201c<\/p>\n\n\n\n<div class=\"wp-block-media-text is-stacked-on-mobile has-base-background-color has-background\" style=\"grid-template-columns:23% auto\"><figure class=\"wp-block-media-text__media\"><img decoding=\"async\" loading=\"lazy\" width=\"300\" height=\"300\" src=\"https:\/\/halle-selk.de\/wp-content\/uploads\/2023\/06\/quad_KleinerKatechismus-300x300.jpg\" alt=\"\" class=\"wp-image-1184 size-medium\" srcset=\"https:\/\/halle-selk.de\/wp-content\/uploads\/2023\/06\/quad_KleinerKatechismus-300x300.jpg 300w, https:\/\/halle-selk.de\/wp-content\/uploads\/2023\/06\/quad_KleinerKatechismus-1024x1024.jpg 1024w, https:\/\/halle-selk.de\/wp-content\/uploads\/2023\/06\/quad_KleinerKatechismus-150x150.jpg 150w, https:\/\/halle-selk.de\/wp-content\/uploads\/2023\/06\/quad_KleinerKatechismus-768x768.jpg 768w, https:\/\/halle-selk.de\/wp-content\/uploads\/2023\/06\/quad_KleinerKatechismus-1536x1536.jpg 1536w, https:\/\/halle-selk.de\/wp-content\/uploads\/2023\/06\/quad_KleinerKatechismus.jpg 1800w\" sizes=\"(max-width: 300px) 100vw, 300px\" \/><\/figure><div class=\"wp-block-media-text__content\">\n<p class=\"has-contrast-color has-text-color\"><br><strong>Kleiner Katechismus  (Martin Luther)<\/strong><br>5. Hauptst\u00fcck, 1. Frage: <\/p>\n\n\n\n<p class=\"has-accent-color has-text-color\"><strong>Was ist das Sakrament des Altars? <\/strong><br>Es ist der wahre Leib und Blut unsers Herrn Jesus Christus, unter dem Brot und Wein uns Christen zu essen und zu trinken von Christus selbst eingesetzt.<\/p>\n<\/div><\/div>\n<\/div>\n<\/div>\n\n\n\n<h3>Die Praxis des geschlossenen Abendmahlstisches<\/h3>\n\n\n\n<p>Auf welcher theologischen Grundlage basiert der \u201egeschlossene Abendmahlstisch\u201c?<\/p>\n\n\n\n<h3>Es geht nicht darum, Menschen vom Heil auszuschlie\u00dfen<\/h3>\n\n\n\n<p>Einen endg\u00fcltig \u201egeschlossenen Abendmahlstisch\u201c wird es erst bei der Wiederkunft Christi geben, so schildert es Christus selber in seinem Gleichnis von den zehn Jungfrauen in Matth\u00e4us 25,10-12. <br>Wenn die lutherische Kirche die Praxis \u00fcbt, Glieder anderer Kirchen nicht bei sich zur Kommunion zuzulassen, dann geht es nicht darum, Menschen vom Heil auszuschlie\u00dfen und die letzte Scheidung zwischen drinnen und drau\u00dfen schon einmal in die Gegenwart zu verlegen.<br>Sie ma\u00dft sich damit erst recht nicht an, die einzige christliche Kirche zu sein. Sie hat vielmehr andere ernstliche Gr\u00fcnde f\u00fcr die Beibehaltung dieser Praxis.<\/p>\n\n\n\n<h3>Voraussetzung ist die Taufe<\/h3>\n\n\n\n<p>Voraussetzung f\u00fcr die Teilnahme am heiligen Mahl ist zun\u00e4chst einmal die Taufe. Nur wer durch die Taufe Kind Gottes geworden ist, ist auch an den Tisch im Vaterhaus Gottes eingeladen. Daher mussten in der fr\u00fchen Zeit der Kirche Ungetaufte den Gottesdienst vor Beginn der Sakramentsfeier verlassen. Darum geht es wohl auch schon in 1.Kor. 16,22 <sup>1<\/sup> , der am Anfang der Abendmahlsliturgie verlesen wurde.<\/p>\n\n\n\n<h3>Zu einem Leib zusammengeschlossen<\/h3>\n\n\n\n<p>Im selben Brief schreibt Paulus: \u201eWer so isst und trinkt, dass er den Leib des Herrn nicht achtet, der isst und trinkt sich selber zum Gericht.\u201c (1.Kor. 11,29) Eindr\u00fccklich weist er darauf hin, dass man sich mit der Teilnahme am heiligen Abendmahl auch schaden kann. Dies geschieht, wenn man \u201eden Leib des Herrn nicht achtet\u201c.<br>Damit ist ein Doppeltes gemeint: <br>Zum einen, dass man die Teilnahme am heiligen Abendmahl nur f\u00fcr seine Privatangelegenheit h\u00e4lt und nicht wahrnimmt, dass man durch das heilige Mahl mit den anderen Kommunikanten zu dem einen Leib des Herrn zusammengeschlossen wird. Wer sich lieblos oder unvers\u00f6hnlich gegen\u00fcber denen verh\u00e4lt, mit denen er die heilige Speise empf\u00e4ngt, \u201eachtet den Leib des Herrn nicht\u201c. <br>Dies geschieht zum anderen aber auch da, wo man glaubt, nur ein St\u00fcck Brot und einen Schluck Wein im Sakrament zu empfangen. <br>Wer die klaren Schriftworte Christi nicht wahrnimmt oder sie umdeutet, erkennt die wahre Gabe des Sakraments nicht und schadet sich gerade so, indem er diese Gabe empf\u00e4ngt, ohne sie zu achten.<\/p>\n\n\n\n<h3>Vor dem Mahl das Gespr\u00e4ch mit dem Pastor suchen<\/h3>\n\n\n\n<p>Wenn die lutherische Kirche Glieder anderer Kirchen bittet, vor der ersten Teilnahme am heiligen Mahl das Gespr\u00e4ch mit dem Pastor zu suchen, dann m\u00f6chte sie verhindern, dass Menschen sich das Sakrament zum Gericht nehmen. Sie w\u00fcrde sich schuldig machen, wenn sie verschweigen w\u00fcrde, was ihr zu bezeugen aufgetragen ist.<\/p>\n\n\n\n<h3>Die Teilnahme am Heiligen Mahl ist keine Privatsache<\/h3>\n\n\n\n<p>Doch sollte man es nicht jedem selber \u00fcberlassen, ob er zum Sakrament kommen will oder nicht? <br>Wir h\u00f6rten schon: Die Teilnahme am heiligen Mahl ist nicht nur meine Privatangelegenheit. Ich werde eingebunden, ja, hineingezogen in die Gemeinschaft derer, mit denen ich das Sakrament empfange.<br>Darum sollte ich auch Ja sagen k\u00f6nnen zu dem, was bei dieser Sakramentsfeier bekannt wird, und das Bekenntnis derer teilen, die mit mir das Sakrament empfangen.<br>Es geht hier schlicht und einfach um Ehrlichkeit. Wenn ich aber das Bekenntnis der lutherischen Kirche teile, dann kann ich nicht am n\u00e4chsten Sonntag an einer Sakramentsfeier teilnehmen, die dieses Bekenntnis gerade nicht teilt, sondern verschleiert.<br>Dies ist etwa in den Gliedkirchen der Evangelischen Kirche in Deutschland (EKD) der Fall, die die sogenannte \u201eLeuenberger Konkordie\u201c unterschrieben und damit die reformierte Abendmahlslehre als richtige Auslegung der Abendmahlsworte Jesu anerkannt haben.<br>Wer an Sakramentsfeiern in unserer lutherischen Kirche teilnimmt,den bitten wir darum, nicht zugleich in Kirchen mit einem anderen Abendmahlsbekenntnis zu kommunizieren. Und wer erkannt hat, was die Gabe des Sakraments nach den Worten Christi tats\u00e4chlich ist, der wird dann auch in der Kirche zu Hause sein wollen, die diese Gabe klar und unmissverst\u00e4ndlich bekennt. Und er wird dann schlie\u00dflich auch Martin Luther recht geben, der sich zu dem Thema klar und deutlich ge\u00e4u\u00dfert hat.<\/p>\n\n\n\n<h3>Was sagt Martin Luther zu dem Thema?<\/h3>\n\n\n\n<p>Martin Luther sagt: \u201eEs ist mir schrecklich zu h\u00f6ren, dass in einerlei Kirche oder bei einerlei Altar sollten beide Teile einerlei Sakrament haben und empfangen, und ein Teil sollte glauben, es empfange nur Brot und Wein, das andere aber glauben, es empfange den wahren Leib und Blut Christi. Und oft zweifle ich, ob\u2019s zu glauben sei, dass ein Prediger oder Seelsorger so verstockt und boshaft sein k\u00f6nnte und hierzu stillschweigen und beide Teile lasse also gehen, ein jeglicher in seinem Wahn, dass sie einerlei Sakrament empfangen, ein jeglicher nach seinem Glauben.\u201c<br>(Pfr. Dr. Gottfried Martens)<\/p>\n\n\n\n<p class=\"has-text-align-right\"><sup>1<\/sup> <em>Wenn jemand den Herrn nicht liebhat, der sei verflucht. Maranata! (= \u201eUnser Herr, komm!\u201c oder \u201eUnser Herr kommt!\u201c)<\/em><\/p>\n","protected":false},"excerpt":{"rendered":"<p>Unser Herr Jesus Christus in der Nacht, da er verraten ward, nahm er das Brot, dankte und brach\u2019s und gab\u2019s seinen J\u00fcngern und sprach: \u201eNehmet hin und esset: Das ist + mein Leib, der f\u00fcr euch gegeben wird. Solches tut zu meinem Ged\u00e4chtnis.\u201c Desgleichen nahm er auch den Kelch nach dem Abendmahl, dankte und gab &#8230; <a title=\"Das Abendmahl\" class=\"read-more\" href=\"https:\/\/halle-selk.de\/?page_id=1171\" aria-label=\"Read more about Das Abendmahl\">Weiterlesen<\/a><\/p>\n","protected":false},"author":1,"featured_media":0,"parent":0,"menu_order":0,"comment_status":"closed","ping_status":"closed","template":"","meta":{"_eb_attr":"","ngg_post_thumbnail":0,"_themeisle_gutenberg_block_has_review":false},"_links":{"self":[{"href":"https:\/\/halle-selk.de\/index.php?rest_route=\/wp\/v2\/pages\/1171"}],"collection":[{"href":"https:\/\/halle-selk.de\/index.php?rest_route=\/wp\/v2\/pages"}],"about":[{"href":"https:\/\/halle-selk.de\/index.php?rest_route=\/wp\/v2\/types\/page"}],"author":[{"embeddable":true,"href":"https:\/\/halle-selk.de\/index.php?rest_route=\/wp\/v2\/users\/1"}],"replies":[{"embeddable":true,"href":"https:\/\/halle-selk.de\/index.php?rest_route=%2Fwp%2Fv2%2Fcomments&post=1171"}],"version-history":[{"count":9,"href":"https:\/\/halle-selk.de\/index.php?rest_route=\/wp\/v2\/pages\/1171\/revisions"}],"predecessor-version":[{"id":1201,"href":"https:\/\/halle-selk.de\/index.php?rest_route=\/wp\/v2\/pages\/1171\/revisions\/1201"}],"wp:attachment":[{"href":"https:\/\/halle-selk.de\/index.php?rest_route=%2Fwp%2Fv2%2Fmedia&parent=1171"}],"curies":[{"name":"wp","href":"https:\/\/api.w.org\/{rel}","templated":true}]}}